{"id":2190,"date":"2020-11-29T12:00:49","date_gmt":"2020-11-29T12:00:49","guid":{"rendered":"http:\/\/www.seriekonst.se\/?page_id=2190"},"modified":"2025-01-06T11:22:53","modified_gmt":"2025-01-06T11:22:53","slug":"digitala-serier-for-nedladdning","status":"publish","type":"page","link":"https:\/\/www.seriekonst.se\/?page_id=2190","title":{"rendered":"Digitala serier"},"content":{"rendered":"\n<h2 class=\"wp-block-heading\"><strong>KOOPERAT\u00d6REN<\/strong> (2016)<a href=\"http:\/\/www.seriekonst.se\/wp-content\/uploads\/2017\/01\/kooperatoren_hela.pdf\"><\/a><\/h2>\n\n\n\n<figure class=\"wp-block-image size-large\"><img loading=\"lazy\" decoding=\"async\" width=\"700\" height=\"991\" src=\"http:\/\/www.seriekonst.se\/wp-content\/uploads\/2020\/11\/small_coop-700x991.png\" alt=\"\" class=\"wp-image-2168\" srcset=\"https:\/\/www.seriekonst.se\/wp-content\/uploads\/2020\/11\/small_coop-700x991.png 700w, https:\/\/www.seriekonst.se\/wp-content\/uploads\/2020\/11\/small_coop-212x300.png 212w, https:\/\/www.seriekonst.se\/wp-content\/uploads\/2020\/11\/small_coop-768x1087.png 768w, https:\/\/www.seriekonst.se\/wp-content\/uploads\/2020\/11\/small_coop.png 996w\" sizes=\"auto, (max-width: 700px) 100vw, 700px\" \/><\/figure>\n\n\n\n<h4 class=\"wp-block-heading\">Kooperat\u00f6ren &#8211; en dokument\u00e4rserie om Annonsbyr\u00e5n Svea och reklamen i det svenska folkhemmet. Kooperat\u00f6ren \u00e4r&nbsp;en ber\u00e4ttelse om gemenskap, idealism och hur helt vanliga m\u00e4nniskor f\u00f6r inte alltf\u00f6r l\u00e4nge sedan sl\u00f6t sig samman f\u00f6r att&nbsp;f\u00f6r\u00e4ndra sina liv. Kooperationen \u2013 en av Sveriges genom tiderna st\u00f6rsta folkr\u00f6relse, s\u00e5 framg\u00e5ngsrik att f\u00f6ljande generationer tog den f\u00f6r given och inte s\u00e5g allt id\u00e9ellt arbete bakom eller ins\u00e5g vidden av den samh\u00e4llsomdaning som KF&nbsp;skapade p\u00e5 n\u00e5gra f\u00e5 decennier. I sanning ett \u201dsm\u00e5fokets storverk\u201d, som den kooperativa ekonomen och ideologen Mauritz Bonow uttryckte det.Kooperat\u00f6ren \u00e4r ocks\u00e5 en ber\u00e4ttelse som handlar om min farmor och farfar Signe och Knut Krantz och hur de var med och&nbsp;formade Kooperativa F\u00f6rbundet.<br><strong>Ladda ner boken h\u00e4r:&nbsp;<a href=\"http:\/\/www.seriekonst.se\/wp-content\/uploads\/2017\/02\/Gunnar_Krantz_Kooperatoren_2016.pdf\">Kooperat\u00f6ren<\/a><\/strong><br><br><\/h4>\n\n\n\n<h2 class=\"wp-block-heading\"><strong>SJ\u00d6CRONAS GATA<\/strong> (2016)<\/h2>\n\n\n\n<figure class=\"wp-block-image size-large\"><img loading=\"lazy\" decoding=\"async\" width=\"700\" height=\"991\" src=\"http:\/\/www.seriekonst.se\/wp-content\/uploads\/2020\/11\/small_sjocrona-700x991.png\" alt=\"\" class=\"wp-image-2173\" srcset=\"https:\/\/www.seriekonst.se\/wp-content\/uploads\/2020\/11\/small_sjocrona-700x991.png 700w, https:\/\/www.seriekonst.se\/wp-content\/uploads\/2020\/11\/small_sjocrona-212x300.png 212w, https:\/\/www.seriekonst.se\/wp-content\/uploads\/2020\/11\/small_sjocrona-768x1087.png 768w, https:\/\/www.seriekonst.se\/wp-content\/uploads\/2020\/11\/small_sjocrona.png 996w\" sizes=\"auto, (max-width: 700px) 100vw, 700px\" \/><\/figure>\n\n\n\n<p>Robert \u00e4r ett geni \u2013 tror han. Och med geniets sj\u00e4lvklara r\u00e4tt fuskar han sig igenom i stort sett alla konstarter som \u00e4r m\u00f6jliga att uttrycka sig genom i den borgerliga lilla residensstaden Kristianstad. En humoristisk betraktelse \u00f6ver det manliga geniet, s\u00e5 som det kom till uttryck i slutet p\u00e5 70-talet. Serien \u00e4r i enlighet med h\u00e4nget p\u00e5 det eviga studentfiket Fenix, f\u00e4rglagd med th\u00e9.<\/p>\n\n\n\n<p><strong>Ladda ner boken h\u00e4r: <a href=\"http:\/\/gunnarkrantz.se\/wp-content\/uploads\/2016\/06\/Sj%C3%B6cronas-gata_web.pdf\">Sj\u00f6cronas gata<\/a><\/strong><\/p>\n\n\n\n<p><strong>WOLLMAR YX<\/strong> <strong>(2017)<\/strong><\/p>\n\n\n\n<figure class=\"wp-block-image size-large\"><img loading=\"lazy\" decoding=\"async\" width=\"700\" height=\"991\" src=\"http:\/\/www.seriekonst.se\/wp-content\/uploads\/2020\/11\/small_wollmar-700x991.png\" alt=\"\" class=\"wp-image-2174\" srcset=\"https:\/\/www.seriekonst.se\/wp-content\/uploads\/2020\/11\/small_wollmar-700x991.png 700w, https:\/\/www.seriekonst.se\/wp-content\/uploads\/2020\/11\/small_wollmar-212x300.png 212w, https:\/\/www.seriekonst.se\/wp-content\/uploads\/2020\/11\/small_wollmar-768x1087.png 768w, https:\/\/www.seriekonst.se\/wp-content\/uploads\/2020\/11\/small_wollmar.png 996w\" sizes=\"auto, (max-width: 700px) 100vw, 700px\" \/><\/figure>\n\n\n\n<p>Den frist\u00e5ende forts\u00e4ttnings p\u00e5 Sj\u00f6cronas gata. Den h\u00e4r g\u00e5ngen utspelar sig ber\u00e4ttelsen i Stockholm. Det \u00e4r tidigt 80-tal och p\u00e5 S\u00f6der g\u00e5r det fortfarande att hitta sjaskiga k\u00e4llarlokaler att bedriva verksamhet i, vilket Robert och hans nyfunne v\u00e4n Sune best\u00e4mmer sig f\u00f6r att g\u00f6ra. Serien \u00e4r tecknad med blyerts och f\u00e4rglagd med kaffe.<br><strong><strong>Ladda ner boken h\u00e4r:<\/strong> <a href=\"http:\/\/www.seriekonst.se\/wp-content\/uploads\/2017\/05\/wollmaryx_web.pdf\">Wollmar Yx<\/a><\/strong><\/p>\n\n\n\n<p><strong>CYKELF\u00c4RDEN SOM BLEV EN LIFT 1951<\/strong> <strong>(2017)<\/strong><\/p>\n\n\n\n<figure class=\"wp-block-image size-large\"><img loading=\"lazy\" decoding=\"async\" width=\"1024\" height=\"744\" src=\"http:\/\/www.seriekonst.se\/wp-content\/uploads\/2017\/07\/lift_cover-1024x744.jpg\" alt=\"\" class=\"wp-image-1714\" srcset=\"https:\/\/www.seriekonst.se\/wp-content\/uploads\/2017\/07\/lift_cover-1024x744.jpg 1024w, https:\/\/www.seriekonst.se\/wp-content\/uploads\/2017\/07\/lift_cover-300x218.jpg 300w, https:\/\/www.seriekonst.se\/wp-content\/uploads\/2017\/07\/lift_cover-768x558.jpg 768w, https:\/\/www.seriekonst.se\/wp-content\/uploads\/2017\/07\/lift_cover.jpg 1181w\" sizes=\"auto, (max-width: 1024px) 100vw, 1024px\" \/><\/figure>\n\n\n\n<p>Efterkrigstidens Europa lockade m\u00e4ngder av ungdomar att dra ut p\u00e5 v\u00e4garna f\u00f6r att ta sig fram med hj\u00e4lp tummen och v\u00e4lvilliga bilister. Men hur var det att lifta i Europa b\u00f6rjan av 50-talet ?&nbsp;Vilka var de som gjorde de och hur gick det till? &nbsp;Det \u00e4r n\u00e5gra av fr\u00e5gorna som jag besvarar i dokument\u00e4rserien <em>Cykelturen som blev en lift<\/em>, baserad p\u00e5 utdrag ur min fars&nbsp;liftardagb\u00f6cker och n\u00e5gra av de fotografier han tog under resan. Under drygt 40 dagar f\u00e5r vi f\u00f6lja hans f\u00e4rd ner mot Rivieran, till ett bohemiskt vandrarhem p\u00e5 den lilla \u00f6n Saint Marguerite utanf\u00f6r Cannes och sedan tillbaka till Sverige igen, via Paris, Bryssel, Amsterdam och K\u00f6penhamn.<br>Andra svenska europaresen\u00e4r under&nbsp;samma tid, som ocks\u00e5 skildrat det efterkrigstids Europa \u00e4r&nbsp;Birgitta Stenberg (f\u00f6dd 1932, samma \u00e5r som min far) och Stig Claesson. Att resa i Europa var uppenbarligen &nbsp;livet och f\u00f6r min far var denna f\u00f6rsta resa bara b\u00f6rjan. Redan \u00e5ret d\u00e4rp\u00e5 gav han sig ut p\u00e5 sin n\u00e4sta lift &#8211; och efter det &#8211; \u00e4nnu en, \u00e4nda ner till Marocko. Men mer om det senare.<br><strong><strong><strong>Ladda ner boken h\u00e4r:<\/strong><\/strong> <a href=\"http:\/\/www.seriekonst.se\/wp-content\/uploads\/2017\/07\/Cykelturen_som_blev_en_lift_1951-1.pdf\">Cykelf\u00e4rden som blev en lift<\/a><\/strong><\/p>\n\n\n\n<p><strong> LIFT-52<\/strong> <strong>(2018)<\/strong><\/p>\n\n\n\n<figure class=\"wp-block-image size-large\"><img loading=\"lazy\" decoding=\"async\" width=\"700\" height=\"490\" src=\"http:\/\/www.seriekonst.se\/wp-content\/uploads\/2020\/11\/small_lift52-700x490.png\" alt=\"\" class=\"wp-image-2171\" srcset=\"https:\/\/www.seriekonst.se\/wp-content\/uploads\/2020\/11\/small_lift52-700x490.png 700w, https:\/\/www.seriekonst.se\/wp-content\/uploads\/2020\/11\/small_lift52-300x210.png 300w, https:\/\/www.seriekonst.se\/wp-content\/uploads\/2020\/11\/small_lift52-768x538.png 768w, https:\/\/www.seriekonst.se\/wp-content\/uploads\/2020\/11\/small_lift52-1536x1076.png 1536w, https:\/\/www.seriekonst.se\/wp-content\/uploads\/2020\/11\/small_lift52-428x300.png 428w, https:\/\/www.seriekonst.se\/wp-content\/uploads\/2020\/11\/small_lift52.png 1548w\" sizes=\"auto, (max-width: 700px) 100vw, 700px\" \/><\/figure>\n\n\n\n<p>Det tidiga 50-talet luktar brylcr\u00e8me, Palmolive och Vademecum. De unga m\u00e4nnen (s\u00e5dan var man fr\u00e5n det man konfirmerades) \u00e4r v\u00e4lkammade, v\u00e4lrakade och propra, p\u00e5 v\u00e4g att kliva i sina f\u00e4ders st\u00e4rkta skjortor och galoscher. De unga kvinnorna \u00e4ppelk\u00e4cka och kyska i jumper och rutiga byxor, eller eleganta frasande vida kjolar. Ungdomen f\u00f6r dagen lyssnar p\u00e5 jazz (swing och dixie) och det \u00e4r \u00e4nnu n\u00e5gra \u00e5r kvar till rockmusikens genombrott och motbokens avskaffande. Samtidigt tar bilismen fart p\u00e5 allvar. Bensinen \u00e4r tokbillig, men bilarna fortfarande mycket dyra. De som vill uppleva n\u00e5got slags frihet k\u00f6per motorcykel (l\u00e4ttviktare) eller ger sig ut i v\u00e4rlden med hj\u00e4lp av tummen. Tusentals ungdomar \u00f6versv\u00e4mmar Europa. De kommer fr\u00e5n England, Amerika och Australien. Det \u00e4r segermakternas barn som nu \u00e4r ute och ser sig om i den v\u00e4rld deras f\u00e4der befriat. Med p\u00e5 k\u00f6pet f\u00f6ljer de &nbsp;neutrala; Sverige och Schweiz. Det \u00e4r billigt att lifta i Europa. Folk \u00e4r v\u00e4lvilliga och gener\u00f6sa. Och det \u00e4r billigt att leva. Vinet kostar ingenting och med lite br\u00f6d, ost och frukt klarar man sig l\u00e4nge. I b\u00f6rjan av maj 1952 ger sig G\u00f6ran (min far) ut p\u00e5 sin andra Europa-lift. Tack vare sina nyf\u00f6rv\u00e4rvade spr\u00e5kkunskaper (se \u201d<a rel=\"noreferrer noopener\" href=\"http:\/\/www.seriekonst.se\/?page_id=1709\" target=\"_blank\"><strong>Cykelf\u00e4rden som blev en lift \u2013 51<\/strong><\/a>\u201d) tar han en n\u00e5got f\u00f6rsenad student. Sedan b\u00f6rjar vuxenlivet p\u00e5 allvar. Han \u00e4r just fyllda 20 \u00e5r och ska rycka in i det milit\u00e4ra. Men han har en m\u00e5nad p\u00e5 sig tills det \u00e4r dags och redan den 9 maj ger han sig ut p\u00e5 v\u00e4garna igen, med studentm\u00f6ssan p\u00e5 huvudet och ryggs\u00e4ck p\u00e5 ryggen. M\u00e5let \u00e4r franska Rivieran d\u00e4r han hoppas tr\u00e4ffa Sylvie, som han m\u00f6tte under f\u00f6rra sommarens lift. Av hans dagbok framg\u00e5r att hon skickat ett brev med ett fotografi fr\u00e5n Colloiure, till honom. Kanske i hopp om att de ska kunna tr\u00e4ffas igen. G\u00f6ran liftar p\u00e5 vinst och f\u00f6rlust till den lilla franska byn alldeles intill Spanska gr\u00e4nsen och tr\u00e4ffar ungdomar med andra id\u00e9al och id\u00e9er om vad livet ska g\u00e5 ut p\u00e5.<br><strong>LIFT 52 <\/strong>utg\u00e5r fr\u00e5n den dagbok min far f\u00f6rde under resan och fotografier han tog med sin Rolleiflex-kamera. Serien har formgivits med veckotidningen <em>SE<\/em> som inspiration.<br><strong><strong><strong>Ladda ner boken h\u00e4r:<\/strong><\/strong> <a rel=\"noreferrer noopener\" href=\"http:\/\/www.seriekonst.se\/wp-content\/uploads\/2018\/08\/LIFT-52.pdf\" target=\"_blank\">LIFT 52<\/a><\/strong><\/p>\n\n\n\n<p><strong>KATARINA MATILDA FR\u00c5N VENDEL<\/strong> <strong>(2018)<\/strong><\/p>\n\n\n\n<figure class=\"wp-block-image size-large\"><img loading=\"lazy\" decoding=\"async\" width=\"700\" height=\"493\" src=\"http:\/\/www.seriekonst.se\/wp-content\/uploads\/2020\/11\/small_kma-700x493.png\" alt=\"\" class=\"wp-image-2170\" srcset=\"https:\/\/www.seriekonst.se\/wp-content\/uploads\/2020\/11\/small_kma-700x493.png 700w, https:\/\/www.seriekonst.se\/wp-content\/uploads\/2020\/11\/small_kma-300x211.png 300w, https:\/\/www.seriekonst.se\/wp-content\/uploads\/2020\/11\/small_kma-768x541.png 768w, https:\/\/www.seriekonst.se\/wp-content\/uploads\/2020\/11\/small_kma-1536x1082.png 1536w, https:\/\/www.seriekonst.se\/wp-content\/uploads\/2020\/11\/small_kma-426x300.png 426w, https:\/\/www.seriekonst.se\/wp-content\/uploads\/2020\/11\/small_kma.png 1562w\" sizes=\"auto, (max-width: 700px) 100vw, 700px\" \/><\/figure>\n\n\n\n<p> Katarina Matilda Andersdotter fr\u00e5n torpet&nbsp;Gammelg\u00e4rdet i Vendels socken i Uppland \u00e4r en av alla de pigor som i slutet p\u00e5 1800-talet vandrar in till st\u00e4derna f\u00f6r att s\u00f6ka arbete p\u00e5 fabriker och i \u00f6verklassens hem. Katarina Matilda \u00e4r en av pigorna p\u00e5 Luntmakargatan, en av s\u00f6mmerskorna p\u00e5 Sj\u00e4lag\u00e5rdsgatan och en av m\u00f6drarna i k\u00e5kstan Lugnet vid Hammarby sj\u00f6. F\u00f6r det \u00e4r i Stockholm denna ber\u00e4ttelse utspelar sig. Samma Stockholm som skildrats av Per Anders Fogelstr\u00f6m. S\u00f6der, Vita Bergen, Gamla Stan. Ett&nbsp;Stockholm&nbsp;l\u00e5ngt ifr\u00e5n dagens bostadsmarknad. Katarina Matildas ber\u00e4ttelse \u00e4r p\u00e5 inget s\u00e4tt unik. Den delas av m\u00e5nga.&nbsp; Den delas faktiskt av flertalet av oss. Detta \u00e4r ocks\u00e5 v\u00e5r historia. Det \u00e4r s\u00e5h\u00e4r det ser ut f\u00f6r de flesta av oss. Blickar vi tillbaka i sl\u00e4ktleden m\u00f6ter vi s\u00e4llan&nbsp;adelsm\u00e4n, pr\u00e4ster, borgare eller b\u00f6nder. Vi m\u00f6ter ist\u00e4llet dr\u00e4ngar och pigor, arbetskarlar och s\u00f6mmerskor, kuskdr\u00e4ngar och &nbsp;cigarettarbeterskor, bagarl\u00e4rlingar och hush\u00e5llerskor, statare och arbetshjon.<br>Ber\u00e4ttelsen om Katarina Matilda bygger p\u00e5 fakta h\u00e4mtade ur arkiv,&nbsp;vetenskaplig litteratur och sk\u00f6nlitteratur. <br><strong><strong><strong>Ladda ner boken h\u00e4r:<\/strong><\/strong> <a href=\"http:\/\/www.seriekonst.se\/wp-content\/uploads\/2018\/05\/Katarina_Matilda.pdf\">KATARINA MATILDA FR\u00c5N VENDEL<\/a><\/strong><\/p>\n\n\n\n<p><strong>SERIER FR\u00c5N SIBIRIEN<\/strong> <strong>(2020)<\/strong><\/p>\n\n\n\n<figure class=\"wp-block-image size-large\"><a href=\"http:\/\/www.seriekonst.se\/wp-content\/uploads\/2021\/04\/serierfransibirien.png\"><img loading=\"lazy\" decoding=\"async\" width=\"700\" height=\"978\" src=\"http:\/\/www.seriekonst.se\/wp-content\/uploads\/2021\/04\/serierfransibirien-700x978.png\" alt=\"\" class=\"wp-image-2225\" srcset=\"https:\/\/www.seriekonst.se\/wp-content\/uploads\/2021\/04\/serierfransibirien-700x978.png 700w, https:\/\/www.seriekonst.se\/wp-content\/uploads\/2021\/04\/serierfransibirien-215x300.png 215w, https:\/\/www.seriekonst.se\/wp-content\/uploads\/2021\/04\/serierfransibirien-768x1073.png 768w, https:\/\/www.seriekonst.se\/wp-content\/uploads\/2021\/04\/serierfransibirien.png 802w\" sizes=\"auto, (max-width: 700px) 100vw, 700px\" \/><\/a><\/figure>\n\n\n\n<p>I mitten p\u00e5 80-talet hyrde jag och en kompis en lokal p\u00e5 Birger Jarlsgatan i Sibiriens norra spets, bara tv\u00e5 hus fr\u00e5n huset d\u00e4r Horst Schr\u00f6der bodde och vi blev snabbt indragna i hans storslagna planer p\u00e5 att f\u00f6rse svenska folket med vuxenserier.&nbsp;Serier fr\u00e5n Sibirien fokuserar ocks\u00e5 p\u00e5 det grafiska arbetet som utf\u00f6rdes p\u00e5 f\u00f6rlaget, i skiftet mellan den gamla tekniken, med sax och klister och den nya digitala. <br><strong>Ladda ner bken h\u00e4r: <a href=\"https:\/\/www.seriekonst.se\/?page_id=2076\" data-type=\"page\" data-id=\"2076\">SERIER FR\u00c5N SIBIRIEN<\/a><\/strong><\/p>\n\n\n\n<p><\/p>\n\n\n\n<p><strong>EN TUR TILL K\u00d6PENHAMN (1989)<\/strong><\/p>\n\n\n\n<figure class=\"wp-block-image size-large\"><img loading=\"lazy\" decoding=\"async\" width=\"453\" height=\"636\" src=\"https:\/\/www.seriekonst.se\/wp-content\/uploads\/2020\/11\/small_copen-1.png\" alt=\"\" class=\"wp-image-2203\" srcset=\"https:\/\/www.seriekonst.se\/wp-content\/uploads\/2020\/11\/small_copen-1.png 453w, https:\/\/www.seriekonst.se\/wp-content\/uploads\/2020\/11\/small_copen-1-214x300.png 214w\" sizes=\"auto, (max-width: 453px) 100vw, 453px\" \/><\/figure>\n\n\n\n<p>En tur till K\u00f6penhamn tecknades 1989-90, n\u00e5gra \u00e5r innan de sj\u00e4lvbiografiska serierna slog<br>igenom p\u00e5 allvar. Sj\u00e4lv funderade jag inte s\u00e5 mycket p\u00e5 genrebest\u00e4mningar d\u00e5, utan s\u00e5g<br>det mer som ett intressant experiment. Ett f\u00f6rs\u00f6k att \u00f6vers\u00e4tta en bit av verkligheten till en<br>serie. Ett avtryck av verkligheten.<br><strong>Ladda ner tidningen h\u00e4r: <a href=\"http:\/\/www.seriekonst.se\/wp-content\/uploads\/2020\/11\/En-tur-till-Ko%CC%88penhamn-1989.pdf\" data-type=\"URL\" data-id=\"http:\/\/www.seriekonst.se\/wp-content\/uploads\/2020\/11\/En-tur-till-Ko%CC%88penhamn-1989.pdf\">En tur till K\u00f6penhamn<\/a><\/strong><\/p>\n\n\n\n<p><\/p>\n\n\n\n<p><strong>DEPRESSIONEN (2017)<\/strong><br><\/p>\n\n\n\n<figure class=\"wp-block-image size-large\"><img loading=\"lazy\" decoding=\"async\" width=\"567\" height=\"796\" src=\"http:\/\/www.seriekonst.se\/wp-content\/uploads\/2017\/01\/depressionen_cover.jpg\" alt=\"\" class=\"wp-image-1531\" srcset=\"https:\/\/www.seriekonst.se\/wp-content\/uploads\/2017\/01\/depressionen_cover.jpg 567w, https:\/\/www.seriekonst.se\/wp-content\/uploads\/2017\/01\/depressionen_cover-214x300.jpg 214w\" sizes=\"auto, (max-width: 567px) 100vw, 567px\" \/><\/figure>\n\n\n\n<p>I mitten p\u00e5 80-talet gick jag runt med en liten halvformatskamera och dokumenterade mina omgivningar. Utifr\u00e5n en samling p\u00e5 ett par tusen bilder, har jag nu satt samman ett antal till en ber\u00e4ttelse &#8211; en slags fotoserie &#8211; helt utan text.<br><strong>Ladda ner boken h\u00e4r: <a href=\"http:\/\/www.seriekonst.se\/wp-content\/uploads\/2017\/01\/depressionen-1.pdf\">Depressionen<\/a><\/strong><\/p>\n","protected":false},"excerpt":{"rendered":"<p>KOOPERAT\u00d6REN (2016) Kooperat\u00f6ren &#8211; en dokument\u00e4rserie om Annonsbyr\u00e5n Svea och reklamen i det svenska folkhemmet. Kooperat\u00f6ren \u00e4r&nbsp;en ber\u00e4ttelse om gemenskap, idealism och hur helt vanliga m\u00e4nniskor f\u00f6r inte alltf\u00f6r l\u00e4nge sedan sl\u00f6t sig samman f\u00f6r att&nbsp;f\u00f6r\u00e4ndra sina liv. Kooperationen \u2013 &hellip; <a href=\"https:\/\/www.seriekonst.se\/?page_id=2190\">Continue reading <span class=\"meta-nav\">&rarr;<\/span><\/a><\/p>\n","protected":false},"author":1,"featured_media":0,"parent":0,"menu_order":0,"comment_status":"closed","ping_status":"closed","template":"","meta":{"footnotes":""},"class_list":["post-2190","page","type-page","status-publish","hentry"],"_links":{"self":[{"href":"https:\/\/www.seriekonst.se\/index.php?rest_route=\/wp\/v2\/pages\/2190","targetHints":{"allow":["GET"]}}],"collection":[{"href":"https:\/\/www.seriekonst.se\/index.php?rest_route=\/wp\/v2\/pages"}],"about":[{"href":"https:\/\/www.seriekonst.se\/index.php?rest_route=\/wp\/v2\/types\/page"}],"author":[{"embeddable":true,"href":"https:\/\/www.seriekonst.se\/index.php?rest_route=\/wp\/v2\/users\/1"}],"replies":[{"embeddable":true,"href":"https:\/\/www.seriekonst.se\/index.php?rest_route=%2Fwp%2Fv2%2Fcomments&post=2190"}],"version-history":[{"count":19,"href":"https:\/\/www.seriekonst.se\/index.php?rest_route=\/wp\/v2\/pages\/2190\/revisions"}],"predecessor-version":[{"id":2258,"href":"https:\/\/www.seriekonst.se\/index.php?rest_route=\/wp\/v2\/pages\/2190\/revisions\/2258"}],"wp:attachment":[{"href":"https:\/\/www.seriekonst.se\/index.php?rest_route=%2Fwp%2Fv2%2Fmedia&parent=2190"}],"curies":[{"name":"wp","href":"https:\/\/api.w.org\/{rel}","templated":true}]}}